{"id":1511,"date":"2026-05-03T22:28:47","date_gmt":"2026-05-03T22:28:47","guid":{"rendered":"https:\/\/fynrundt.spar49.dk\/?page_id=1511"},"modified":"2026-06-11T15:47:09","modified_gmt":"2026-06-11T13:47:09","slug":"indbydelse-fyn-rundt-2026","status":"publish","type":"page","link":"https:\/\/fynrundt.spar49.dk\/index.php\/indbydelse-fyn-rundt-2026\/","title":{"rendered":"Indbydelse Fyn Rundt 2026"},"content":{"rendered":"\n<p class=\"wp-block-paragraph\" style=\"font-size:24px\">Fyn Rundt dato: <strong>13.-14. juni<\/strong><\/p>\n\n\n<div class=\"wpdevart_countdown_standart\" id=\"wpdevart_countdown_1\"><\/div><script>document.addEventListener(\"DOMContentLoaded\",function(){wpdevart_countdown_standart(\"wpdevart_countdown_1\",{\"seconds_left\":0,\"end_timestamp\":1781330400,\"start_timestamp\":1778869080,\"server_time\":1788257592,\"repeat_points\":[],\"repeat_seconds_start\":0,\"repeat_seconds_mid\":0,\"repeat_seconds_end\":0,\"timer_start_time\":-9388512,\"time_is_expired\":\"0\",\"after_countdown_end_type\":\"text\",\"after_countdown_text\":\"<h3>Time is up!<\\\/h3>\",\"before_countup_start_type\":\"none\",\"before_countup_text\":\"\",\"before_countup_redirect\":\"\",\"coundown_type\":\"countdown\",\"is_evergreen\":false,\"evergreen_duration\":0,\"evergreen_restart\":\"none\",\"evergreen_restart_delay\":0,\"evergreen_expire_mode\":\"duration\",\"evergreen_daily_expire_time\":\"23:59\",\"after_countdown_button_text\":\"Shop Now\",\"after_countdown_button_url\":\"\",\"after_countdown_css_selector\":\"\",\"timer_id\":1,\"after_countdown_redirect\":\"\",\"display_days\":{\"day\":\"day\",\"hour\":\"hour\",\"minut\":\"minut\",\"second\":\"second\"},\"top_html_text\":\"\",\"bottom_html_text\":\"\",\"display_days_texts\":{\"week\":\"Weeks\",\"day\":\"Days\",\"hour\":\"Hours\",\"minut\":\"Minutes\",\"second\":\"Seconds\"},\"gorup_animation\":\"group\",\"inline\":\"0\",\"effect\":\"none\"})})<\/script>\n\n\n<br>\n\n\n\n<p class=\"has-vivid-cyan-blue-color has-text-color has-link-color wp-elements-1 advgb-dyn-1fb6f277 wp-block-paragraph\" style=\"font-size:40px\"><strong>40 \u00e5rs jubil\u00e6um<\/strong> <\/p>\n\n\n\n<p class=\"has-medium-font-size wp-block-paragraph\">Tilmelding til Fyn Rundt <strong>2026<\/strong> er nu \u00e5ben<\/p>\n\n\n\n<p class=\"wp-block-paragraph\">Turkomit\u00e9en har igen lejet hytter p\u00e5 campingpladsen til denne weekend, hvor der som vanligt planl\u00e6gges ift. at f\u00e5 skaffet god sengeplads.<\/p>\n\n\n\n<p class=\"has-vivid-purple-color has-text-color has-link-color wp-elements-2 advgb-dyn-14662673 wp-block-paragraph\"><strong>F\u00e5 en billet inden der er udsolgt (&#8220;Tilmelding&#8221; l\u00e6ngere nede)<\/strong><\/p>\n\n\n\n<br>\n\n\n\n<div class=\"wp-block-buttons has-custom-font-size has-small-font-size is-nowrap is-layout-flex wp-container-core-buttons-is-layout-8f761849 wp-block-buttons-is-layout-flex\">\n<div class=\"wp-block-button\"><a class=\"wp-block-button__link has-white-color has-vivid-cyan-blue-background-color has-text-color has-background has-link-color has-small-font-size has-custom-font-size wp-element-button\" href=\"#ruter_2024\"><strong>Cykelruter<\/strong><\/a><\/div>\n\n\n\n<div class=\"wp-block-button\"><a class=\"wp-block-button__link has-white-color has-vivid-cyan-blue-background-color has-text-color has-background has-link-color has-small-font-size has-custom-font-size wp-element-button\" href=\"#praktik_2024\"><strong>Praktisk<\/strong><\/a><\/div>\n\n\n\n<div class=\"wp-block-button\"><a class=\"wp-block-button__link has-white-color has-vivid-cyan-blue-background-color has-text-color has-background has-link-color has-small-font-size has-custom-font-size wp-element-button\" href=\"#priser_2024\"><strong>Pris<\/strong><\/a><\/div>\n<\/div>\n\n\n\n<br>\n\n\n\n<div class=\"wp-block-buttons has-custom-font-size has-small-font-size is-nowrap is-layout-flex wp-container-core-buttons-is-layout-8f761849 wp-block-buttons-is-layout-flex\">\n<div class=\"wp-block-button\"><a class=\"wp-block-button__link has-white-color has-vivid-cyan-blue-background-color has-text-color has-background has-link-color has-small-font-size has-custom-font-size wp-element-button\" href=\"#tilmelding_2024\"><strong>Tilmelding<\/strong><\/a><\/div>\n\n\n\n<div class=\"wp-block-button\"><a class=\"wp-block-button__link has-white-color has-vivid-cyan-blue-background-color has-text-color has-background has-link-color has-small-font-size has-custom-font-size wp-element-button\" href=\"#print_2024\"><strong>Print side<\/strong><\/a><\/div>\n<\/div>\n\n\n\n<br>\n\n\n\n<figure class=\"wp-block-image size-large is-resized\"><img decoding=\"async\" width=\"768\" height=\"1024\" src=\"http:\/\/fynrundt.spar49.dk\/wp-content\/uploads\/2026\/05\/Indbydelse-Fyn-rundt-2026-768x1024.png\" alt=\"\" class=\"wp-image-1516\" style=\"width:768px;height:auto\" srcset=\"https:\/\/fynrundt.spar49.dk\/wp-content\/uploads\/2026\/05\/Indbydelse-Fyn-rundt-2026-768x1024.png 768w, https:\/\/fynrundt.spar49.dk\/wp-content\/uploads\/2026\/05\/Indbydelse-Fyn-rundt-2026-225x300.png 225w, https:\/\/fynrundt.spar49.dk\/wp-content\/uploads\/2026\/05\/Indbydelse-Fyn-rundt-2026-113x150.png 113w, https:\/\/fynrundt.spar49.dk\/wp-content\/uploads\/2026\/05\/Indbydelse-Fyn-rundt-2026-450x600.png 450w, https:\/\/fynrundt.spar49.dk\/wp-content\/uploads\/2026\/05\/Indbydelse-Fyn-rundt-2026-87x116.png 87w, https:\/\/fynrundt.spar49.dk\/wp-content\/uploads\/2026\/05\/Indbydelse-Fyn-rundt-2026.png 1086w\" sizes=\"(max-width: 768px) 100vw, 768px\" \/><\/figure>\n\n\n\n<br>\n\n\n\n<div class=\"wp-block-buttons is-layout-flex wp-block-buttons-is-layout-flex\">\n<div class=\"wp-block-button has-custom-width wp-block-button__width-50\"><a class=\"wp-block-button__link has-vivid-cyan-blue-background-color has-background has-small-font-size has-custom-font-size wp-element-button\" href=\"https:\/\/fynrundt.spar49.dk\/index.php\/indbydelse-fyn-rundt-2026\/plakat-side\/\"><strong>Print plakat (ej mobil)<\/strong><\/a><\/div>\n<\/div>\n\n\n\n<br><br><br>\n\n\n\n<h2 id=\"ruter_2024\" class=\"wp-block-heading\">Cykelruter<\/h2>\n\n\n\n<br>\n\n\n\n<div class=\"wp-block-columns are-vertically-aligned-top has-white-background-color has-background is-layout-flex wp-container-core-columns-is-layout-8f761849 wp-block-columns-is-layout-flex\">\n<div class=\"wp-block-column is-vertically-aligned-top is-layout-flow wp-block-column-is-layout-flow\" style=\"flex-basis:400px\"><div class=\"wp-block-image\">\n<figure class=\"aligncenter size-full\"><img decoding=\"async\" width=\"400\" height=\"255\" src=\"http:\/\/fynrundt.spar49.dk\/wp-content\/uploads\/2024\/05\/fynrundt_2023_direkte.jpg\" alt=\"\" class=\"wp-image-935\" srcset=\"https:\/\/fynrundt.spar49.dk\/wp-content\/uploads\/2024\/05\/fynrundt_2023_direkte.jpg 400w, https:\/\/fynrundt.spar49.dk\/wp-content\/uploads\/2024\/05\/fynrundt_2023_direkte-300x191.jpg 300w, https:\/\/fynrundt.spar49.dk\/wp-content\/uploads\/2024\/05\/fynrundt_2023_direkte-150x96.jpg 150w, https:\/\/fynrundt.spar49.dk\/wp-content\/uploads\/2024\/05\/fynrundt_2023_direkte-182x116.jpg 182w\" sizes=\"(max-width: 400px) 100vw, 400px\" \/><\/figure>\n<\/div><\/div>\n\n\n\n<div class=\"wp-block-column is-vertically-aligned-top is-layout-flow wp-block-column-is-layout-flow\" style=\"flex-basis:50%\">\n<p class=\"wp-block-paragraph\" style=\"font-size:24px\"><strong>Den Direkte<\/strong><\/p>\n\n\n\n<p class=\"wp-block-paragraph\" style=\"font-size:16px\">Der k\u00f8res p\u00e5 sm\u00e5 veje og stier i roligt tempo &#8211; gennem bl.a. Fraugde &#8211; R\u00f8nninge &#8211; Refsvindinge. <\/p>\n\n\n\n<p class=\"wp-block-paragraph\" style=\"font-size:16px\">Her er det en god ide at medbringe madkurven og de kolde drikke &#8211; grundet mangel p\u00e5 bev\u00e6rtninger undervejs. Frokosten tages i R\u00f8nninge. Og der kan evt. provianteres i Fraugde Brugs.<\/p>\n\n\n\n<p class=\"wp-block-paragraph\" style=\"font-size:16px\">Der er mulighed for at tilslutte sig feltet p\u00e5 denne rute f.eks. ved R\u00f8nninge (ca. halvvejs).<\/p>\n\n\n\n<p class=\"wp-block-paragraph\" style=\"font-size:16px\">Turens l\u00e6ngde er ca. 45 km. <\/p>\n\n\n\n<p class=\"wp-block-paragraph\" style=\"font-size:16px\">Starttidspunktet er her <strong>kl. 9.00.<\/strong><\/p>\n\n\n\n<p class=\"wp-block-paragraph\"><\/p>\n<\/div>\n<\/div>\n\n\n\n<\/br><\/br>\n\n\n\n<div class=\"wp-block-columns are-vertically-aligned-top has-white-background-color has-background is-layout-flex wp-container-core-columns-is-layout-8f761849 wp-block-columns-is-layout-flex\">\n<div class=\"wp-block-column is-vertically-aligned-top is-layout-flow wp-block-column-is-layout-flow\" style=\"flex-basis:400px\"><div class=\"wp-block-image\">\n<figure class=\"aligncenter size-full\"><img decoding=\"async\" width=\"400\" height=\"204\" src=\"http:\/\/fynrundt.spar49.dk\/wp-content\/uploads\/2024\/05\/fynrundt_2023_strabads.jpg\" alt=\"\" class=\"wp-image-943\" srcset=\"https:\/\/fynrundt.spar49.dk\/wp-content\/uploads\/2024\/05\/fynrundt_2023_strabads.jpg 400w, https:\/\/fynrundt.spar49.dk\/wp-content\/uploads\/2024\/05\/fynrundt_2023_strabads-300x153.jpg 300w, https:\/\/fynrundt.spar49.dk\/wp-content\/uploads\/2024\/05\/fynrundt_2023_strabads-150x77.jpg 150w, https:\/\/fynrundt.spar49.dk\/wp-content\/uploads\/2024\/05\/fynrundt_2023_strabads-228x116.jpg 228w\" sizes=\"(max-width: 400px) 100vw, 400px\" \/><\/figure>\n<\/div><\/div>\n\n\n\n<div class=\"wp-block-column is-vertically-aligned-top is-layout-flow wp-block-column-is-layout-flow\" style=\"flex-basis:50%\">\n<p class=\"wp-block-paragraph\" style=\"font-size:24px\"><strong>Den Strabadsfulde<\/strong><\/p>\n\n\n\n<p class=\"wp-block-paragraph\" style=\"font-size:16px\">Ruten indeholder de sn\u00f8rklede idylliske veje gennem det herlige \u00d8stfyn omkring Kerteminde og Nyborg. <\/p>\n\n\n\n<p class=\"wp-block-paragraph\">Der g\u00f8res holdt ved bageren i Kerteminde. Og husk, man skal selv s\u00f8rge for mad og drikke, og frokosten tages ude ved Storeb\u00e6lts kysten i Nyborg.<\/p>\n\n\n\n<p class=\"wp-block-paragraph\" style=\"font-size:16px\">Turens l\u00e6ngde er omkring 70 km. <\/p>\n\n\n\n<p class=\"wp-block-paragraph\" style=\"font-size:16px\">Starttidspunktet er her <strong>kl. 8.00.<\/strong><\/p>\n\n\n\n<p class=\"wp-block-paragraph\"><\/p>\n<\/div>\n<\/div>\n\n\n\n<\/br><\/br>\n\n\n\n<h2 id=\"praktik_2024\" class=\"wp-block-heading\">Praktiske ting<\/h2>\n\n\n\n<\/br>\n\n\n\n<p class=\"wp-block-paragraph\"><strong>Start: <\/strong>Vi starter som vanligt fra H. Rasmussens Vej 14 &#8211;<strong>l\u00f8rdag d. 13. juni <\/strong>&#8211; og slutter p\u00e5 Kongsh\u00f8j camping. Starttidspunkt for ruterne &#8211; <a href=\"#ruter_2024\">se her<\/a>.<\/p>\n\n\n\n<p class=\"wp-block-paragraph\"><strong>Gourmet: <\/strong>Vores s\u00e6dvanlige kokketeam vil l\u00f8rdag aften &#8211; endnu en gang &#8211; overraske os med gastronomiske oplevelser. Og s\u00f8ndag morgen vil der v\u00e6re morgenmadsbord (hvor der desuden kan sm\u00f8res madpakker til hjemturen).<\/p>\n\n\n\n<p class=\"wp-block-paragraph\"><strong>Hjemturen<\/strong>: Foreg\u00e5r s\u00f8ndag op af formiddagen af Den Direkte rute &#8211; og med frokostpause i R\u00f8nninge.<\/p>\n\n\n\n<p class=\"wp-block-paragraph\"><strong>Bagagetransport<\/strong>:  Der er mulighed for at f\u00e5 bragt sin bagage fra Odense til Kongsh\u00f8j Camping.<\/p>\n\n\n\n<p class=\"has-text-color has-link-color wp-elements-3 wp-block-paragraph\" style=\"color:#001696\"><strong>Seneste aflevering af bagage:<\/strong> Fredag d. 12. juni kl. 15.30 <strong>(bem\u00e6rk tidspunkt)<\/strong> p\u00e5 H. Rasmussens vej 14.<\/p>\n\n\n\n<p class=\"wp-block-paragraph\"><strong>Overnatning og medbringning<\/strong>: Der f\u00e5s en sengeplads i en hytte, og der er ogs\u00e5 mulighed for egen telt-medbringning til opstilling p\u00e5 campingpladsen. Der <strong>medbringes linned<\/strong> til eget brug.<\/p>\n\n\n\n<\/br><\/br>\n\n\n\n<h2 id=\"priser_2024\" class=\"wp-block-heading\">Priser<\/h2>\n\n\n\n<p class=\"wp-block-paragraph\">Der kan betales p\u00e5 campingpladsen &#8211; gerne med MobilePay hvis muligt<\/p>\n\n\n\n<\/br>\n\n\n\n<div class=\"wp-block-columns is-layout-flex wp-container-core-columns-is-layout-8f761849 wp-block-columns-is-layout-flex\">\n<div class=\"wp-block-column is-layout-flow wp-block-column-is-layout-flow\" style=\"flex-basis:100%\">\n<figure class=\"wp-block-table is-style-regular has-small-font-size\"><table><thead><tr><th>Priser pr. person<\/th><th class=\"has-text-align-center\" data-align=\"center\">Med overnatning, morgenmad og madpakke<\/th><th class=\"has-text-align-center\" data-align=\"center\">Uden overnatning, morgenmad og madpakke<\/th><\/tr><\/thead><tbody><tr><td>Begge ruter<\/td><td class=\"has-text-align-center\" data-align=\"center\">290<\/td><td class=\"has-text-align-center\" data-align=\"center\">140<\/td><\/tr><tr><td>Bes\u00f8gende (k\u00e6rester\/\u00e6gtef\u00e6ller)<\/td><td class=\"has-text-align-center\" data-align=\"center\">290<\/td><td class=\"has-text-align-center\" data-align=\"center\">140<\/td><\/tr><tr><td>Studerende dog med rabat<\/td><td class=\"has-text-align-center\" data-align=\"center\">250<\/td><td class=\"has-text-align-center\" data-align=\"center\">100<\/td><\/tr><tr><td>B\u00f8rn under 13 \u00e5r<\/td><td class=\"has-text-align-center\" data-align=\"center\">100<\/td><td class=\"has-text-align-center\" data-align=\"center\">50<\/td><\/tr><tr><td>B\u00f8rn under 3 \u00e5r<\/td><td class=\"has-text-align-center\" data-align=\"center\">50<\/td><td class=\"has-text-align-center\" data-align=\"center\">0<\/td><\/tr><\/tbody><\/table><\/figure>\n<\/div>\n<\/div>\n\n\n\n<\/br><\/br>\n\n\n\n<h2 id=\"tilmelding_2024\" class=\"wp-block-heading\">Tilmelding<\/h2>\n\n\n\n<\/br>\n\n\n\n<p class=\"has-vivid-cyan-blue-color has-text-color has-link-color wp-elements-4 wp-block-paragraph\"><strong>Her er muligheden for at tilmelde sig Fyn Rundt (13.\/14. juni 2026)<\/strong><\/p>\n\n\n\n<p class=\"wp-block-paragraph\">Af hensyn til vores planl\u00e6gning og hytte-bestilling, indskriv gerne her allerede nu, hvilken rute du planl\u00e6gger at k\u00f8re og hvilken overnatning. Skulle der ske \u00e6ndringer senere, m\u00e5 vi rette lidt p\u00e5 det.<\/p>\n\n\n\n<div class=\"wp-block-buttons is-layout-flex wp-block-buttons-is-layout-flex\">\n<div class=\"wp-block-button advgb-dyn-dde0d558\"><a class=\"wp-block-button__link has-vivid-cyan-blue-background-color has-background has-small-font-size has-custom-font-size wp-element-button\" href=\"https:\/\/forms.gle\/bwaBxYLfiLEyhonh8\" target=\"_blank\" rel=\"noreferrer noopener\"><strong>Tilmelding Fyn Rundt 2026 &#8211; klik her<\/strong><\/a><\/div>\n<\/div>\n\n\n\n<\/br><\/br><\/br><\/br><\/br><\/br>\n\n\n\n<h2 id=\"print_2024\" class=\"wp-block-heading\">Print denne sides indbydelse<\/h2>\n\n\n\n<\/br>\n\n\n\n<button onclick=\"window.print()\">Print eller pdf af hele denne indbydelses-side (i r\u00e5 form)<\/button>\n\n\n\n<div class=\"wp-block-buttons is-layout-flex wp-block-buttons-is-layout-flex\"><\/div>\n\n\n\n<p class=\"wp-block-paragraph\"><\/p>\n<style class=\"advgb-styles-renderer\">#wpdevart_countdown_1{max-width:100%;width:98%;text-align:left !important;}#wpdevart_countdown_1 .wpdevart_countdown_element{min-width:49px;text-align:center !important;margin-right:6px;}#wpdevart_countdown_1 .time_left_pro{background-color:#f4f4f4 !important;font-size:15px;line-height:normal !important;color:#000000 !important;font-family:Verdana,sans-serif !important;padding:2px 7px 2px 7px;margin:0px 0px 0px 0px;border-width:1px;border-radius:4px !important;border-color:#333333 !important;}#wpdevart_countdown_1 .time_text{background-color:#3382d6 !important;font-size:9px;line-height:normal !important;color:#FFFFFF !important;font-family:Consolas,Andale Mono,Monaco,Courier,Courier New,Verdana,sans-serif !important;padding:2px 3px 2px 3px;margin:2px 0px 0px 0px;border-width:0px;border-radius:2px !important;border-color:#000000 !important;}<\/style>","protected":false},"excerpt":{"rendered":"<p>Fyn Rundt dato: 13.-14. juni 40 \u00e5rs jubil\u00e6um Tilmelding til Fyn Rundt 2026 er nu \u00e5ben Turkomit\u00e9en har igen lejet hytter p\u00e5 campingpladsen til denne weekend, hvor der som vanligt&#8230;<\/p>\n<p> <a class=\"continue-reading-link\" href=\"https:\/\/fynrundt.spar49.dk\/index.php\/indbydelse-fyn-rundt-2026\/\"><span>L\u00e6s hele nyheden ved klik p\u00e5 overskrift<\/span><i class=\"crycon-right-dir\"><\/i><\/a> <\/p>\n","protected":false},"author":1,"featured_media":0,"parent":0,"menu_order":0,"comment_status":"closed","ping_status":"closed","template":"","meta":{"inline_featured_image":false,"advgb_blocks_editor_width":"","advgb_blocks_columns_visual_guide":"","two_page_speed":[],"footnotes":""},"class_list":["post-1511","page","type-page","status-publish","hentry"],"coauthors":[],"author_meta":{"author_link":"https:\/\/fynrundt.spar49.dk\/index.php\/author\/admin\/","display_name":"admin"},"relative_dates":{"created":"Udgivet 4 m\u00e5neder siden","modified":"Opdateret 3 m\u00e5neder siden"},"absolute_dates":{"created":"Udgivet 3. maj 2026","modified":"Opdateret 11. juni 2026"},"absolute_dates_time":{"created":"Udgivet 3. maj 2026 22:28","modified":"Opdateret 11. juni 2026 15:47"},"featured_img_caption":"","featured_img":false,"series_order":"","jetpack_sharing_enabled":true,"_links":{"self":[{"href":"https:\/\/fynrundt.spar49.dk\/index.php\/wp-json\/wp\/v2\/pages\/1511","targetHints":{"allow":["GET"]}}],"collection":[{"href":"https:\/\/fynrundt.spar49.dk\/index.php\/wp-json\/wp\/v2\/pages"}],"about":[{"href":"https:\/\/fynrundt.spar49.dk\/index.php\/wp-json\/wp\/v2\/types\/page"}],"author":[{"embeddable":true,"href":"https:\/\/fynrundt.spar49.dk\/index.php\/wp-json\/wp\/v2\/users\/1"}],"replies":[{"embeddable":true,"href":"https:\/\/fynrundt.spar49.dk\/index.php\/wp-json\/wp\/v2\/comments?post=1511"}],"version-history":[{"count":47,"href":"https:\/\/fynrundt.spar49.dk\/index.php\/wp-json\/wp\/v2\/pages\/1511\/revisions"}],"predecessor-version":[{"id":1850,"href":"https:\/\/fynrundt.spar49.dk\/index.php\/wp-json\/wp\/v2\/pages\/1511\/revisions\/1850"}],"wp:attachment":[{"href":"https:\/\/fynrundt.spar49.dk\/index.php\/wp-json\/wp\/v2\/media?parent=1511"}],"curies":[{"name":"wp","href":"https:\/\/api.w.org\/{rel}","templated":true}]}}