{"id":38,"date":"2023-01-10T20:27:47","date_gmt":"2023-01-10T20:27:47","guid":{"rendered":"http:\/\/fynrundt.spar49.dk\/index.php\/front-page\/"},"modified":"2023-01-21T12:27:20","modified_gmt":"2023-01-21T12:27:20","slug":"historie","status":"publish","type":"page","link":"https:\/\/fynrundt.spar49.dk\/index.php\/historie\/","title":{"rendered":"Historie"},"content":{"rendered":"\n<div class=\"wp-block-columns are-vertically-aligned-center is-layout-flex wp-container-core-columns-is-layout-8f761849 wp-block-columns-is-layout-flex\">\n<div class=\"wp-block-column is-vertically-aligned-center is-layout-flow wp-block-column-is-layout-flow\" style=\"flex-basis:20.33%\"><\/div>\n\n\n\n<div class=\"wp-block-column is-vertically-aligned-center is-layout-flow wp-block-column-is-layout-flow\" style=\"flex-basis:66.66%\">\n<h4 class=\"has-text-align-left wp-block-heading\">Starten<\/h4>\n<\/div>\n<\/div>\n\n\n\n<br>\n\n\n\n<div class=\"wp-block-columns is-layout-flex wp-container-core-columns-is-layout-8f761849 wp-block-columns-is-layout-flex\">\n<div class=\"wp-block-column is-vertically-aligned-top is-layout-flow wp-block-column-is-layout-flow\" style=\"flex-basis:20.33%\">\n<figure class=\"wp-block-image size-full\"><img decoding=\"async\" width=\"300\" height=\"417\" src=\"http:\/\/fynrundt.spar49.dk\/wp-content\/uploads\/2023\/01\/cafebio-gamle-dage.jpg\" alt=\"\" class=\"wp-image-261\" srcset=\"https:\/\/fynrundt.spar49.dk\/wp-content\/uploads\/2023\/01\/cafebio-gamle-dage.jpg 300w, https:\/\/fynrundt.spar49.dk\/wp-content\/uploads\/2023\/01\/cafebio-gamle-dage-216x300.jpg 216w, https:\/\/fynrundt.spar49.dk\/wp-content\/uploads\/2023\/01\/cafebio-gamle-dage-108x150.jpg 108w, https:\/\/fynrundt.spar49.dk\/wp-content\/uploads\/2023\/01\/cafebio-gamle-dage-83x116.jpg 83w\" sizes=\"(max-width: 300px) 100vw, 300px\" \/><\/figure>\n<\/div>\n\n\n\n<div class=\"wp-block-column is-layout-flow wp-block-column-is-layout-flow\" style=\"flex-basis:66.66%\">\n<p class=\"wp-block-paragraph\">Ideen til det nu traditionsrige Fyn Rundt fostredes i den kolde vinter 1986\/87 p\u00e5 en cafe i Odense.<\/p>\n\n\n\n<p class=\"wp-block-paragraph\">Efter at arrang\u00f8rerne havde v\u00e6ret p\u00e5 cykelferier i Danmark og Europa, og desuden p\u00e5 andre weekendture i nogle af de varme sommerdage p\u00e5 de fynske idylliske veje, s\u00e5 var det jo oplagt at der var flere, der kunne synes, at det var en god ide med en cykeloplevelse.<\/p>\n\n\n\n<p class=\"wp-block-paragraph\">Derfor k\u00f8rte vi nogle ture, lavede en rute blandt de smukkeste steder p\u00e5 \u00f8en, bestilte plads p\u00e5 Nyborg campingplads til overnatning, l\u00e5nte en campingvogn og sendte de f\u00f8rste indbydelser ud.<\/p>\n<\/div>\n<\/div>\n\n\n\n<hr class=\"wp-block-separator has-alpha-channel-opacity is-style-wide\"\/>\n\n\n\n<br>\n\n\n\n<div class=\"wp-block-columns is-layout-flex wp-container-core-columns-is-layout-8f761849 wp-block-columns-is-layout-flex\">\n<div class=\"wp-block-column is-vertically-aligned-center is-layout-flow wp-block-column-is-layout-flow\" style=\"flex-basis:20.33%\"><\/div>\n\n\n\n<div class=\"wp-block-column is-layout-flow wp-block-column-is-layout-flow\" style=\"flex-basis:66.66%\">\n<h4 class=\"has-text-align-left wp-block-heading\" id=\"historie_den_lange\">Den Lange<\/h4>\n<\/div>\n<\/div>\n\n\n\n<br>\n\n\n\n<div class=\"wp-block-columns is-layout-flex wp-container-core-columns-is-layout-8f761849 wp-block-columns-is-layout-flex\">\n<div class=\"wp-block-column is-layout-flow wp-block-column-is-layout-flow\" style=\"flex-basis:20.33%\"><div class=\"wp-block-image\">\n<figure class=\"alignleft size-full\"><img decoding=\"async\" width=\"300\" height=\"266\" src=\"http:\/\/fynrundt.spar49.dk\/wp-content\/uploads\/2023\/01\/Start-foerste-fynrundt-1987-300-266.jpg\" alt=\"\" class=\"wp-image-267\" srcset=\"https:\/\/fynrundt.spar49.dk\/wp-content\/uploads\/2023\/01\/Start-foerste-fynrundt-1987-300-266.jpg 300w, https:\/\/fynrundt.spar49.dk\/wp-content\/uploads\/2023\/01\/Start-foerste-fynrundt-1987-300-266-150x133.jpg 150w, https:\/\/fynrundt.spar49.dk\/wp-content\/uploads\/2023\/01\/Start-foerste-fynrundt-1987-300-266-131x116.jpg 131w\" sizes=\"(max-width: 300px) 100vw, 300px\" \/><\/figure>\n<\/div><\/div>\n\n\n\n<div class=\"wp-block-column is-layout-flow wp-block-column-is-layout-flow\" style=\"flex-basis:66.66%\">\n<p class=\"wp-block-paragraph\">Allerede det f\u00f8rste \u00e5r dukkede der mange deltagere op.<br>Dette f\u00f8rste \u00e5r var der kun \u00e9n rute &#8211; den der senere skulle komme til at hedde &#8220;Den Lange&#8221;. Og den startede kl. 6 om morgenen en maj-dag i 1987.<br>Kl. 6 har i\u00f8vrigt v\u00e6ret fast starttidspunkt alle \u00e5rene p\u00e5 denne tur.<\/p>\n\n\n\n<p class=\"wp-block-paragraph\">Den Lange var f\u00f8rste \u00e5r p\u00e5 godt 150 km. Den var i store str\u00e6k lig den, der stadig k\u00f8res, n\u00e5r den er p\u00e5 programmet, men den tog dengang nogle l\u00e6ngere afstikkere.<br>Der k\u00f8rtes bl.a. forbi flg. steder:<\/p>\n\n\n\n<ul class=\"wp-block-list\">\n<li>Tommerup-bageren<\/li>\n\n\n\n<li>Fr\u00f8bjerg Bavneh\u00f8j (Torben forlangte hvert \u00e5r at vi skulle op p\u00e5 toppen og kigge &#8211; alle \u00f8vrige har alle \u00e5rene n\u00e6gtet &#8211; p\u00e5 n\u00e6r det f\u00f8rste \u00e5r)<\/li>\n\n\n\n<li>Glamsbjerg<\/li>\n\n\n\n<li>N\u00e6sten Assens<\/li>\n\n\n\n<li>\u00c5 Bugt<\/li>\n\n\n\n<li>F\u00e5borg<\/li>\n\n\n\n<li>Svendborg<\/li>\n\n\n\n<li>Damestenen &#8211; Hesselager (Torben forlangte hvert \u00e5r, at vi skulle k\u00f8re derned og bestige Stenen &#8211; stadig uden held &#8211; p\u00e5 n\u00e6r detf\u00f8rste \u00e5r)<\/li>\n\n\n\n<li>Nyborg Campingplads<\/li>\n<\/ul>\n<\/div>\n<\/div>\n\n\n\n<hr class=\"wp-block-separator has-alpha-channel-opacity is-style-wide\"\/>\n\n\n\n<br>\n\n\n\n<div class=\"wp-block-columns is-layout-flex wp-container-core-columns-is-layout-8f761849 wp-block-columns-is-layout-flex\">\n<div class=\"wp-block-column is-vertically-aligned-center is-layout-flow wp-block-column-is-layout-flow\" style=\"flex-basis:20.33%\"><\/div>\n\n\n\n<div class=\"wp-block-column is-layout-flow wp-block-column-is-layout-flow\" style=\"flex-basis:66.66%\">\n<h4 class=\"has-text-align-left wp-block-heading\">Ledsagevogn<\/h4>\n<\/div>\n<\/div>\n\n\n\n<br>\n\n\n\n<div class=\"wp-block-columns is-layout-flex wp-container-core-columns-is-layout-8f761849 wp-block-columns-is-layout-flex\">\n<div class=\"wp-block-column is-layout-flow wp-block-column-is-layout-flow\" style=\"flex-basis:20.33%\"><div class=\"wp-block-image\">\n<figure class=\"alignleft size-full\"><img decoding=\"async\" width=\"300\" height=\"211\" src=\"http:\/\/fynrundt.spar49.dk\/wp-content\/uploads\/2023\/01\/ledsagevogn-spisning-1987-300-211.jpg\" alt=\"\" class=\"wp-image-270\" srcset=\"https:\/\/fynrundt.spar49.dk\/wp-content\/uploads\/2023\/01\/ledsagevogn-spisning-1987-300-211.jpg 300w, https:\/\/fynrundt.spar49.dk\/wp-content\/uploads\/2023\/01\/ledsagevogn-spisning-1987-300-211-150x106.jpg 150w, https:\/\/fynrundt.spar49.dk\/wp-content\/uploads\/2023\/01\/ledsagevogn-spisning-1987-300-211-165x116.jpg 165w\" sizes=\"(max-width: 300px) 100vw, 300px\" \/><\/figure>\n<\/div><\/div>\n\n\n\n<div class=\"wp-block-column is-layout-flow wp-block-column-is-layout-flow\" style=\"flex-basis:66.66%\">\n<p class=\"wp-block-paragraph\">Dette f\u00f8rste \u00e5r var der en ledsagevogn (fejeblad), der fulgte efter feltets bagerste ryttere. Det var specielt dette \u00e5r uhyre belejligt. Allerede p\u00e5 den f\u00f8rste skrappe stigning lidt uden for Bolbro, var de f\u00f8rste ryttere udmattelsen n\u00e6r. Det huskes stadig, at der for nogle stykkers vedkommende, blev k\u00f8rt p\u00e5 3-gears havel\u00e5ger med en fuldt udrustet cykelferie-bagage-oppakning.<br>Men det var f\u00f8rst omkring 80-90 km&#8217;s k\u00f8rsel, at de f\u00f8rste blev taget op af fejebladet efter at udmattelsen var total.<\/p>\n\n\n\n<p class=\"wp-block-paragraph\">Det var legendariske Lars Nygaard, som dette f\u00f8rste \u00e5r k\u00f8rte ledsage-bilen, hvori desuden hele bagagerummet var fyldt op med rugbr\u00f8d, leverpostej, bananer, tun- og kyllinge-salat etc.<\/p>\n\n\n\n<p class=\"wp-block-paragraph\">Det huskes stadig, at vi undervejs havde tabt fejebladet, men af uransagelige \u00e5rsager, s\u00e5 vi pludselig Lars Nygaard komme k\u00f8rende, efter at han havde k\u00f8rt en p\u00e6n del af \u00d8stfyn rundt for at finde os igen (hvem sagde mobiltlf&#8230;!!?).<\/p>\n<\/div>\n<\/div>\n\n\n\n<hr class=\"wp-block-separator has-alpha-channel-opacity is-style-wide\"\/>\n\n\n\n<br>\n\n\n\n<div class=\"wp-block-columns is-layout-flex wp-container-core-columns-is-layout-8f761849 wp-block-columns-is-layout-flex\">\n<div class=\"wp-block-column is-vertically-aligned-center is-layout-flow wp-block-column-is-layout-flow\" style=\"flex-basis:20.33%\"><\/div>\n\n\n\n<div class=\"wp-block-column is-layout-flow wp-block-column-is-layout-flow\" style=\"flex-basis:66.66%\">\n<h4 class=\"has-text-align-left wp-block-heading\">Forandringer p\u00e5 Den Lange<\/h4>\n<\/div>\n<\/div>\n\n\n\n<br>\n\n\n\n<div class=\"wp-block-columns is-layout-flex wp-container-core-columns-is-layout-8f761849 wp-block-columns-is-layout-flex\">\n<div class=\"wp-block-column is-layout-flow wp-block-column-is-layout-flow\" style=\"flex-basis:20.33%\"><div class=\"wp-block-image\">\n<figure class=\"alignleft size-full\"><img decoding=\"async\" width=\"300\" height=\"200\" src=\"http:\/\/fynrundt.spar49.dk\/wp-content\/uploads\/2023\/01\/Den-lange-svendborg-1988-300-200.jpg\" alt=\"\" class=\"wp-image-277\" srcset=\"https:\/\/fynrundt.spar49.dk\/wp-content\/uploads\/2023\/01\/Den-lange-svendborg-1988-300-200.jpg 300w, https:\/\/fynrundt.spar49.dk\/wp-content\/uploads\/2023\/01\/Den-lange-svendborg-1988-300-200-150x100.jpg 150w, https:\/\/fynrundt.spar49.dk\/wp-content\/uploads\/2023\/01\/Den-lange-svendborg-1988-300-200-174x116.jpg 174w\" sizes=\"(max-width: 300px) 100vw, 300px\" \/><\/figure>\n<\/div><\/div>\n\n\n\n<div class=\"wp-block-column is-layout-flow wp-block-column-is-layout-flow\" style=\"flex-basis:66.66%\">\n<p class=\"wp-block-paragraph\">De n\u00e6ste par \u00e5r k\u00f8rtes der ogs\u00e5 ledsagevogn med blandt andet Lars Nygaard, Karin og Rete. Men efterh\u00e5nden ville alle k\u00f8re p\u00e5 cyklerne i stedet for, og s\u00e5 satsede vi p\u00e5 at kunne klare os uden fejeblad.<br>I mange \u00e5r derefter k\u00f8rte Torbens for\u00e6ldre maden frem til diverse depoter, n\u00e5r sulten skulle stilles.<\/p>\n\n\n\n<p class=\"wp-block-paragraph\">Ruten har undervejs underg\u00e5et nogle forandringer.<br>Ruten blev forkortet let, og allerede i 1988 endte vi p\u00e5 T\u00e5rup Campingplads, hvor vi overnattede et par \u00e5r, inden vi fra ca. 1990 har v\u00e6ret p\u00e5 Kongsh\u00f8j Camping &#8211; p\u00e5 vores vante plads ved mobilhome&#8217;n &#8211; og hos campingfatter S\u00f8nderby, som vi  &#8211; og han &#8211; havde gl\u00e6de af samv\u00e6ret med. <\/p>\n\n\n\n<p class=\"wp-block-paragraph\">I 2003 fik vi som noget nyt et par hytter i stedet for den gamle mobilhome.<br>Men vi har altid overnattet med udkig til Storeb\u00e6lts b\u00f8lger inden vi dagen efter om s\u00f8ndagen har k\u00f8rt hjem til Odense.<\/p>\n\n\n\n<p class=\"wp-block-paragraph\">L\u00f8bets l\u00e6ngde var nu blevet forkortet til ca. 123 km, hvilket var tilf\u00e6ldet de sidste mange \u00e5r, hvor denne tur blev k\u00f8rt.<\/p>\n\n\n\n<p class=\"wp-block-paragraph\">Ruten gik til sidst over bl.a. :<\/p>\n\n\n\n<ul class=\"wp-block-list\">\n<li>Tommerup-bageren<\/li>\n\n\n\n<li>Fr\u00f8bjerg Bavneh\u00f8j (Torben forlangte hvert \u00e5r at vi skulle op p\u00e5 toppen og kigge &#8211; alle \u00f8vrige har alle \u00e5rene n\u00e6gtet &#8211; p\u00e5 n\u00e6r f\u00f8rste \u00e5r)<\/li>\n\n\n\n<li>Glamsbjerg<\/li>\n\n\n\n<li>Svanninge Bakker<\/li>\n\n\n\n<li>Hvidkilde Slot (ved Svendborg)<\/li>\n\n\n\n<li>Damestenen &#8211; Hesselager (Torben forlangte hvert \u00e5r, at vi skulle k\u00f8re ned og bestige Stenen &#8211; stadig uden held &#8211; p\u00e5 n\u00e6r f\u00f8rste \u00e5r)<\/li>\n\n\n\n<li>Kongsh\u00f8j Campingplads<\/li>\n<\/ul>\n\n\n\n<p class=\"wp-block-paragraph\">Den Lange blev indtil videre k\u00f8rt sidste gang i 2000, hvor den i 2002 afl\u00f8stes af Den Strabadsfyldte.<\/p>\n<\/div>\n<\/div>\n\n\n\n<hr class=\"wp-block-separator has-alpha-channel-opacity is-style-wide\"\/>\n\n\n\n<br>\n\n\n\n<div class=\"wp-block-columns is-layout-flex wp-container-core-columns-is-layout-8f761849 wp-block-columns-is-layout-flex\">\n<div class=\"wp-block-column is-vertically-aligned-center is-layout-flow wp-block-column-is-layout-flow\" style=\"flex-basis:20.33%\"><\/div>\n\n\n\n<div class=\"wp-block-column is-layout-flow wp-block-column-is-layout-flow\" style=\"flex-basis:66.66%\">\n<h4 class=\"has-text-align-left wp-block-heading\">Den Direkte<\/h4>\n<\/div>\n<\/div>\n\n\n\n<br>\n\n\n\n<div class=\"wp-block-columns is-layout-flex wp-container-core-columns-is-layout-8f761849 wp-block-columns-is-layout-flex\">\n<div class=\"wp-block-column is-layout-flow wp-block-column-is-layout-flow\" style=\"flex-basis:20.33%\"><div class=\"wp-block-image\">\n<figure class=\"alignleft size-full\"><img decoding=\"async\" width=\"300\" height=\"227\" src=\"http:\/\/fynrundt.spar49.dk\/wp-content\/uploads\/2023\/01\/refsvindinge_kiosk_2001-300-227.jpg\" alt=\"\" class=\"wp-image-282\" srcset=\"https:\/\/fynrundt.spar49.dk\/wp-content\/uploads\/2023\/01\/refsvindinge_kiosk_2001-300-227.jpg 300w, https:\/\/fynrundt.spar49.dk\/wp-content\/uploads\/2023\/01\/refsvindinge_kiosk_2001-300-227-150x114.jpg 150w, https:\/\/fynrundt.spar49.dk\/wp-content\/uploads\/2023\/01\/refsvindinge_kiosk_2001-300-227-153x116.jpg 153w\" sizes=\"(max-width: 300px) 100vw, 300px\" \/><\/figure>\n<\/div><\/div>\n\n\n\n<div class=\"wp-block-column is-layout-flow wp-block-column-is-layout-flow\" style=\"flex-basis:66.66%\">\n<p class=\"wp-block-paragraph\">Da der begyndte at dukke b\u00f8rn op, der gerne ville med, og samtidig nogle andre, som ikke lige ville k\u00f8re 123 km p\u00e5 kun vand, chokolade og makrelsalat-madder, s\u00e5 kom tanken om, at indf\u00f8re en kortere rute &#8211; den der kom til at hedde &#8220;Den Direkte&#8221;.<\/p>\n\n\n\n<p class=\"wp-block-paragraph\">Den Direkte starter i Odense og k\u00f8res p\u00e5 omkring 45 km direkte mod Storeb\u00e6lt og Kongsh\u00f8j Camping.<\/p>\n\n\n\n<p class=\"wp-block-paragraph\">Ruten har g\u00e5et langs bl.a. :<\/p>\n\n\n\n<ul class=\"wp-block-list\">\n<li>Odense \u00c5 (Ejby-skolen)<\/li>\n\n\n\n<li>\u00c5sum<\/li>\n\n\n\n<li>Fraugde<\/li>\n\n\n\n<li>R\u00f8nninge<\/li>\n\n\n\n<li>Revsvindinge<\/li>\n\n\n\n<li>\u00c6ble-bakken<\/li>\n\n\n\n<li>Fr\u00f8rup<\/li>\n\n\n\n<li>Kongsh\u00f8j Camping<\/li>\n<\/ul>\n\n\n\n<p class=\"wp-block-paragraph\">De f\u00f8rste \u00e5r, var der p\u00e5 denne rute b\u00e5de bev\u00e6rtninger, k\u00f8bmandsbutikker og is kiosker, men i takt med k\u00f8bmands-d\u00f8den o.s.v. er der nu ganske f\u00e5 af slagsen tilbage, men det plejer ikke at afholde deltagerne p\u00e5 denne tur i at f\u00e5 en tur b\u00e5de med noget til \u00f8jet og ganen (hjemmebagt kage, leverpostejs-madder, k\u00f8lige drikke, chokolade og s\u00e5 de svalende bryggeri-produkter).<\/p>\n\n\n\n<p class=\"wp-block-paragraph\">Og endelig lykkedes det s\u00e5 Carsten i 2003 at f\u00e5 en aftale med Refsvindinge Bryggeri, om et virksomheds-\/smagspr\u00f8ve-bes\u00f8g p\u00e5 turen.<\/p>\n<\/div>\n<\/div>\n\n\n\n<hr class=\"wp-block-separator has-alpha-channel-opacity is-style-wide\"\/>\n\n\n\n<br>\n\n\n\n<div class=\"wp-block-columns is-layout-flex wp-container-core-columns-is-layout-8f761849 wp-block-columns-is-layout-flex\">\n<div class=\"wp-block-column is-vertically-aligned-center is-layout-flow wp-block-column-is-layout-flow\" style=\"flex-basis:20.33%\"><\/div>\n\n\n\n<div class=\"wp-block-column is-layout-flow wp-block-column-is-layout-flow\" style=\"flex-basis:66.66%\">\n<h4 class=\"has-text-align-left wp-block-heading\">Den Strabadsfulde<\/h4>\n<\/div>\n<\/div>\n\n\n\n<br>\n\n\n\n<div class=\"wp-block-columns is-layout-flex wp-container-core-columns-is-layout-8f761849 wp-block-columns-is-layout-flex\">\n<div class=\"wp-block-column is-layout-flow wp-block-column-is-layout-flow\" style=\"flex-basis:20.33%\"><div class=\"wp-block-image\">\n<figure class=\"alignleft size-full\"><img decoding=\"async\" width=\"300\" height=\"294\" src=\"http:\/\/fynrundt.spar49.dk\/wp-content\/uploads\/2023\/01\/strabadsfulde-cykling-2006-300-294.jpg\" alt=\"\" class=\"wp-image-287\" srcset=\"https:\/\/fynrundt.spar49.dk\/wp-content\/uploads\/2023\/01\/strabadsfulde-cykling-2006-300-294.jpg 300w, https:\/\/fynrundt.spar49.dk\/wp-content\/uploads\/2023\/01\/strabadsfulde-cykling-2006-300-294-150x147.jpg 150w, https:\/\/fynrundt.spar49.dk\/wp-content\/uploads\/2023\/01\/strabadsfulde-cykling-2006-300-294-118x116.jpg 118w\" sizes=\"(max-width: 300px) 100vw, 300px\" \/><\/figure>\n<\/div><\/div>\n\n\n\n<div class=\"wp-block-column is-layout-flow wp-block-column-is-layout-flow\" style=\"flex-basis:66.66%\">\n<p class=\"wp-block-paragraph\">I \u00e5ret 2002 tilkom den seneste nyskabelse. En mellemlang str\u00e6kning p\u00e5 ca. 75 km.<\/p>\n\n\n\n<p class=\"wp-block-paragraph\">Denne nye rute opstod bl.a. fordi nogle havde ytret \u00f8nske, om at k\u00f8re lidt l\u00e6ngere end de 45 km, for at afpr\u00f8ve den indre cykelrytter. Samtidig er der nogle af de b\u00f8rn &#8211; som ikke l\u00e6ngere er s\u00e5 meget b\u00f8rn &#8211; som ikke kan k\u00f8re i det tempo, som den direkte rute er beregnet p\u00e5. Der er derfor en mulighed i den nye rute til at f\u00e5 raset (racet) ordentligt ud.<\/p>\n\n\n\n<p class=\"wp-block-paragraph\">Den Strabadsfulde starter i Odense og f\u00f8lger cykelrute 45 til Kerteminde og cykelrute 40 videre til Nyborg. Herfra k\u00f8res ad cykelrute 50 mod Kongsh\u00f8j.<\/p>\n\n\n\n<p class=\"wp-block-paragraph\">Ruten g\u00e5r over bl.a. :<\/p>\n\n\n\n<ul class=\"wp-block-list\">\n<li>Vollsmose<\/li>\n\n\n\n<li>Bullerup<\/li>\n\n\n\n<li>Ulriksholm<\/li>\n\n\n\n<li>Kertinge Nor<\/li>\n\n\n\n<li>Kerteminde<\/li>\n\n\n\n<li>Sibirien<\/li>\n\n\n\n<li>Revninge<\/li>\n\n\n\n<li>Bovense<\/li>\n\n\n\n<li>Nordenhuse<\/li>\n\n\n\n<li>Nyborg<\/li>\n\n\n\n<li>Kogsb\u00f8lle<\/li>\n\n\n\n<li>T\u00e5rup<\/li>\n\n\n\n<li>Kongsh\u00f8j Camping<\/li>\n<\/ul>\n<\/div>\n<\/div>\n\n\n\n<div class=\"wp-block-buttons is-layout-flex wp-block-buttons-is-layout-flex\"><\/div>\n\n\n\n<p class=\"wp-block-paragraph\"><\/p>\n","protected":false},"excerpt":{"rendered":"<p>Starten Ideen til det nu traditionsrige Fyn Rundt fostredes i den kolde vinter 1986\/87 p\u00e5 en cafe i Odense. Efter at arrang\u00f8rerne havde v\u00e6ret p\u00e5 cykelferier i Danmark og Europa,&#8230;<\/p>\n<p> <a class=\"continue-reading-link\" href=\"https:\/\/fynrundt.spar49.dk\/index.php\/historie\/\"><span>L\u00e6s hele nyheden ved klik p\u00e5 overskrift<\/span><i class=\"crycon-right-dir\"><\/i><\/a> <\/p>\n","protected":false},"author":1,"featured_media":0,"parent":0,"menu_order":0,"comment_status":"closed","ping_status":"closed","template":"page-templates\/template-home.php","meta":{"inline_featured_image":false,"advgb_blocks_editor_width":"","advgb_blocks_columns_visual_guide":"","two_page_speed":[],"footnotes":""},"class_list":["post-38","page","type-page","status-publish","hentry"],"coauthors":[],"author_meta":{"author_link":"https:\/\/fynrundt.spar49.dk\/index.php\/author\/admin\/","display_name":"admin"},"relative_dates":{"created":"Udgivet 4 \u00e5r siden","modified":"Opdateret 4 \u00e5r siden"},"absolute_dates":{"created":"Udgivet 10. januar 2023","modified":"Opdateret 21. januar 2023"},"absolute_dates_time":{"created":"Udgivet 10. januar 2023 20:27","modified":"Opdateret 21. januar 2023 12:27"},"featured_img_caption":"","featured_img":false,"series_order":"","jetpack_sharing_enabled":true,"_links":{"self":[{"href":"https:\/\/fynrundt.spar49.dk\/index.php\/wp-json\/wp\/v2\/pages\/38","targetHints":{"allow":["GET"]}}],"collection":[{"href":"https:\/\/fynrundt.spar49.dk\/index.php\/wp-json\/wp\/v2\/pages"}],"about":[{"href":"https:\/\/fynrundt.spar49.dk\/index.php\/wp-json\/wp\/v2\/types\/page"}],"author":[{"embeddable":true,"href":"https:\/\/fynrundt.spar49.dk\/index.php\/wp-json\/wp\/v2\/users\/1"}],"replies":[{"embeddable":true,"href":"https:\/\/fynrundt.spar49.dk\/index.php\/wp-json\/wp\/v2\/comments?post=38"}],"version-history":[{"count":85,"href":"https:\/\/fynrundt.spar49.dk\/index.php\/wp-json\/wp\/v2\/pages\/38\/revisions"}],"predecessor-version":[{"id":381,"href":"https:\/\/fynrundt.spar49.dk\/index.php\/wp-json\/wp\/v2\/pages\/38\/revisions\/381"}],"wp:attachment":[{"href":"https:\/\/fynrundt.spar49.dk\/index.php\/wp-json\/wp\/v2\/media?parent=38"}],"curies":[{"name":"wp","href":"https:\/\/api.w.org\/{rel}","templated":true}]}}